{"id":2023,"date":"2018-06-19T15:15:00","date_gmt":"2018-06-19T19:15:00","guid":{"rendered":"https:\/\/www.aclu-ia.org\/quien-puede-votar\/"},"modified":"2018-06-19T15:15:00","modified_gmt":"2018-06-19T19:15:00","slug":"quien-puede-votar","status":"publish","type":"page","link":"https:\/\/www.aclu-ia.org\/es\/quien-puede-votar\/","title":{"rendered":"\u00bfQui\u00e9n Puede Votar?"},"content":{"rendered":"<p><sup><em>Actualizado en septiembre 2024<\/em><\/sup><\/p>\n<p><a class=\"more\" href=\"https:\/\/www.aclu-ia.org\/es\/know-your-rights\/conozca-sus-derechos-como-votante\">CONOZCA SUS DERECHOS COMO VOTANTE<\/a><\/p>\n","protected":false},"excerpt":{"rendered":"<p>Actualizado en septiembre 2024 CONOZCA SUS DERECHOS COMO VOTANTE<\/p>\n","protected":false},"author":6,"featured_media":0,"parent":0,"menu_order":0,"comment_status":"closed","ping_status":"closed","template":"","meta":{"_acf_changed":false,"_relevanssi_hide_post":"","_relevanssi_hide_content":"","_relevanssi_pin_for_all":"","_relevanssi_pin_keywords":"","_relevanssi_unpin_keywords":"","_relevanssi_related_keywords":"","_relevanssi_related_include_ids":"","_relevanssi_related_exclude_ids":"","_relevanssi_related_no_append":"","_relevanssi_related_not_related":"","_relevanssi_related_posts":"","_relevanssi_noindex_reason":"","footnotes":""},"class_list":["post-2023","page","type-page","status-publish","hentry"],"acf":{"layout":"default","header-group":{"header-description":"","show-subnav":false,"hide-from-subnav":false},"components":[{"acf_fc_layout":"text","text":{"text":"<em>Actualizado en septiembre 2024<\/em>\n\n<a class=\"more\" href=\"https:\/\/www.aclu-ia.org\/es\/know-your-rights\/conozca-sus-derechos-como-votante\">CONOZCA SUS DERECHOS COMO VOTANTE<\/a>"}},{"acf_fc_layout":"accordion","accordion":{"turn_on_faq":false,"list_style":false,"accordion-title":"","description":"","accordion-items":[{"title":"\u00bfPuedo votar en Iowa?\n","content":"<ul>\n<li>Antes de poder votar, tiene que&nbsp;<a href=\"https:\/\/www.aclu-ia.org\/es\/node\/603\">inscribirse para votar.<\/a><\/li>\n<li>Para inscribirse y votar en Iowa hay que cumplir todos los requisitos siguientes:\n<ul>\n<li>Ser ciudadano de los EE. UU.<\/li>\n<li>Ser residente del estado de Iowa.<\/li>\n<li>Tener por lo menos 17 a\u00f1os en el momento de la inscripci\u00f3n&nbsp;y 18 a\u00f1os el d\u00eda de las elecciones.<\/li>\n<li>Haber cumplido su condena tras un delito grave, excepto en caso de homicidio. <a href=\"https:\/\/www.aclu-ia.org\/es\/puedo-votar-en-iowa-despues-de-una-conviccion-criminal\">M\u00e1s informaci\u00f3n aqu\u00ed.<\/a><\/li>\n<li>No haber sido declarado mentalmente incompetente para votar por un tribunal (al menos que dicho tribunal certifique que usted ya no es incompetente).<\/li>\n<\/ul>\n<\/li>\n<\/ul>\n","image_video_field_group":{"image_video_options":"image","image_group":{"image":null,"caption":"","credit":"","link-settings":"none","url":""},"video_group":{"video":null,"cover_image":null,"video_orientation":"standard"},"youtube_group":{"oembed-url":"","cover-image":null}}},{"title":"\u00bfQu\u00e9 pasa si soy un universitario?\n","content":"Inscr\u00edbase para votar con la direcci\u00f3n que considera su residencia permanente o con la direcci\u00f3n de su universidad o colegio, pero no ambas. Tendr\u00e1 que satisfacer todos los requisitos para votar como cualquier otro votante en Iowa. Si tiene preguntas, p\u00f3ngase en contacto con <a href=\"https:\/\/sos.iowa.gov\/elections\/auditors\/auditorslist.html\">el auditor de su condado.<\/a>\n\n\n","image_video_field_group":{"image_video_options":"image","image_group":{"image":null,"caption":"","credit":"","link-settings":"none","url":""},"video_group":{"video":null,"cover_image":null,"video_orientation":"standard"},"youtube_group":{"oembed-url":"","cover-image":null}}},{"title":"\u00bfQu\u00e9 pasa si soy un miembro de las fuerzas armadas en el extranjero?\n","content":"Existen leyes especiales para facilitar el voto de los miembros de las fuerzas armadas en el extranjero. Puede recibir y enviar su voto por correo, por correo electr\u00f3nico o por fax.&nbsp;<a href=\"https:\/\/sos.iowa.gov\/elections\/voterinformation\/uocava\/returnballot.html\">Haga click aqu\u00ed<\/a> para m\u00e1s informaci\u00f3n y para solicitar una papeleta.\n\n\n","image_video_field_group":{"image_video_options":"image","image_group":{"image":null,"caption":"","credit":"","link-settings":"none","url":""},"video_group":{"video":null,"cover_image":null,"video_orientation":"standard"},"youtube_group":{"oembed-url":"","cover-image":null}}},{"title":"\u00bfQu\u00e9 pasa si no tengo domicilio?\n","content":"Puede inscribirse y votar. Simplemente describa su residencia en el formulario de inscripci\u00f3n para votar (por ejemplo, puede indicar un parque, un albergue, la casa de un amigo o familiar o cualquier otro lugar donde suela alojarse o dormir).\n\n\nSi tiene m\u00e1s preguntas, comun\u00edquese con&nbsp;la <a href=\"https:\/\/sos.iowa.gov\/elections\/auditors\/auditorslist.html\">oficina del auditor de su condado<\/a>&nbsp;o vaya a la&nbsp;p\u00e1gina de&nbsp;<a href=\"https:\/\/sos.iowa.gov\/contactus.html\">Secretario de Estado.<\/a>\n\n\n","image_video_field_group":{"image_video_options":"image","image_group":{"image":null,"caption":"","credit":"","link-settings":"none","url":""},"video_group":{"video":null,"cover_image":null,"video_orientation":"standard"},"youtube_group":{"oembed-url":"","cover-image":null}}}]}}],"section":null,"issues":null,"related_content":[],"documents":null},"yoast_head":"<!-- This site is optimized with the Yoast SEO plugin v24.9 - https:\/\/yoast.com\/wordpress\/plugins\/seo\/ -->\n<title>\u00bfQui\u00e9n Puede Votar? - ACLU of Iowa<\/title>\n<meta name=\"robots\" content=\"index, follow, max-snippet:-1, max-image-preview:large, max-video-preview:-1\" \/>\n<link rel=\"canonical\" href=\"http:\/\/www.aclu-ia.org\/who-can-vote\/\" \/>\n<meta property=\"og:locale\" content=\"es_ES\" \/>\n<meta property=\"og:type\" content=\"article\" \/>\n<meta property=\"og:title\" content=\"\u00bfQui\u00e9n Puede Votar? - ACLU of Iowa\" \/>\n<meta property=\"og:description\" content=\"Actualizado en septiembre 2024 CONOZCA SUS DERECHOS COMO VOTANTE\" \/>\n<meta property=\"og:url\" content=\"https:\/\/www.aclu-ia.org\/es\/quien-puede-votar\/\" \/>\n<meta property=\"og:site_name\" content=\"ACLU of Iowa\" \/>\n<meta property=\"og:image\" content=\"https:\/\/www.aclu-ia.org\/app\/themes\/aclu-parent\/img\/default_fb_share.jpg\" \/>\n<meta name=\"twitter:card\" content=\"summary_large_image\" \/>\n<script type=\"application\/ld+json\" class=\"yoast-schema-graph\">{\"@context\":\"https:\/\/schema.org\",\"@graph\":[{\"@type\":\"WebPage\",\"@id\":\"http:\/\/www.aclu-ia.org\/who-can-vote\/\",\"url\":\"http:\/\/www.aclu-ia.org\/who-can-vote\/\",\"name\":\"\u00bfQui\u00e9n Puede Votar? - ACLU of Iowa\",\"isPartOf\":{\"@id\":\"https:\/\/www.aclu-ia.org\/#website\"},\"datePublished\":\"2018-06-19T19:15:00+00:00\",\"inLanguage\":\"es-ES\",\"potentialAction\":[{\"@type\":\"ReadAction\",\"target\":[\"http:\/\/www.aclu-ia.org\/who-can-vote\/\"]}]},{\"@type\":\"WebSite\",\"@id\":\"https:\/\/www.aclu-ia.org\/#website\",\"url\":\"https:\/\/www.aclu-ia.org\/\",\"name\":\"ACLU of Iowa\",\"description\":\"An Iowa We Can Believe In\",\"publisher\":{\"@id\":\"https:\/\/www.aclu-ia.org\/#organization\"},\"potentialAction\":[{\"@type\":\"SearchAction\",\"target\":{\"@type\":\"EntryPoint\",\"urlTemplate\":\"https:\/\/www.aclu-ia.org\/?s={search_term_string}\"},\"query-input\":{\"@type\":\"PropertyValueSpecification\",\"valueRequired\":true,\"valueName\":\"search_term_string\"}}],\"inLanguage\":\"es-ES\"},{\"@type\":\"Organization\",\"@id\":\"https:\/\/www.aclu-ia.org\/#organization\",\"name\":\"ACLU of Iowa\",\"url\":\"https:\/\/www.aclu-ia.org\/\",\"logo\":{\"@type\":\"ImageObject\",\"inLanguage\":\"es-ES\",\"@id\":\"https:\/\/www.aclu-ia.org\/#\/schema\/logo\/image\/\",\"url\":\"https:\/\/www.aclu-ia.org\/app\/uploads\/2025\/08\/ACLU_Iowa_Moblie-Web_Color_RGB.png\",\"contentUrl\":\"https:\/\/www.aclu-ia.org\/app\/uploads\/2025\/08\/ACLU_Iowa_Moblie-Web_Color_RGB.png\",\"width\":2084,\"height\":2084,\"caption\":\"ACLU of Iowa\"},\"image\":{\"@id\":\"https:\/\/www.aclu-ia.org\/#\/schema\/logo\/image\/\"}}]}<\/script>\n<!-- \/ Yoast SEO plugin. -->","yoast_head_json":{"title":"\u00bfQui\u00e9n Puede Votar? - ACLU of Iowa","robots":{"index":"index","follow":"follow","max-snippet":"max-snippet:-1","max-image-preview":"max-image-preview:large","max-video-preview":"max-video-preview:-1"},"canonical":"http:\/\/www.aclu-ia.org\/who-can-vote\/","og_locale":"es_ES","og_type":"article","og_title":"\u00bfQui\u00e9n Puede Votar? - ACLU of Iowa","og_description":"Actualizado en septiembre 2024 CONOZCA SUS DERECHOS COMO VOTANTE","og_url":"https:\/\/www.aclu-ia.org\/es\/quien-puede-votar\/","og_site_name":"ACLU of Iowa","og_image":[{"url":"https:\/\/www.aclu-ia.org\/app\/themes\/aclu-parent\/img\/default_fb_share.jpg","type":"","width":"","height":""}],"twitter_card":"summary_large_image","schema":{"@context":"https:\/\/schema.org","@graph":[{"@type":"WebPage","@id":"http:\/\/www.aclu-ia.org\/who-can-vote\/","url":"http:\/\/www.aclu-ia.org\/who-can-vote\/","name":"\u00bfQui\u00e9n Puede Votar? - ACLU of Iowa","isPartOf":{"@id":"https:\/\/www.aclu-ia.org\/#website"},"datePublished":"2018-06-19T19:15:00+00:00","inLanguage":"es-ES","potentialAction":[{"@type":"ReadAction","target":["http:\/\/www.aclu-ia.org\/who-can-vote\/"]}]},{"@type":"WebSite","@id":"https:\/\/www.aclu-ia.org\/#website","url":"https:\/\/www.aclu-ia.org\/","name":"ACLU of Iowa","description":"An Iowa We Can Believe In","publisher":{"@id":"https:\/\/www.aclu-ia.org\/#organization"},"potentialAction":[{"@type":"SearchAction","target":{"@type":"EntryPoint","urlTemplate":"https:\/\/www.aclu-ia.org\/?s={search_term_string}"},"query-input":{"@type":"PropertyValueSpecification","valueRequired":true,"valueName":"search_term_string"}}],"inLanguage":"es-ES"},{"@type":"Organization","@id":"https:\/\/www.aclu-ia.org\/#organization","name":"ACLU of Iowa","url":"https:\/\/www.aclu-ia.org\/","logo":{"@type":"ImageObject","inLanguage":"es-ES","@id":"https:\/\/www.aclu-ia.org\/#\/schema\/logo\/image\/","url":"https:\/\/www.aclu-ia.org\/app\/uploads\/2025\/08\/ACLU_Iowa_Moblie-Web_Color_RGB.png","contentUrl":"https:\/\/www.aclu-ia.org\/app\/uploads\/2025\/08\/ACLU_Iowa_Moblie-Web_Color_RGB.png","width":2084,"height":2084,"caption":"ACLU of Iowa"},"image":{"@id":"https:\/\/www.aclu-ia.org\/#\/schema\/logo\/image\/"}}]}},"distributor_meta":false,"distributor_terms":false,"distributor_media":false,"distributor_original_site_name":"ACLU of Iowa","distributor_original_site_url":"https:\/\/www.aclu-ia.org\/es\/","push-errors":false,"_links":{"self":[{"href":"https:\/\/www.aclu-ia.org\/es\/wp-json\/wp\/v2\/pages\/2023","targetHints":{"allow":["GET"]}}],"collection":[{"href":"https:\/\/www.aclu-ia.org\/es\/wp-json\/wp\/v2\/pages"}],"about":[{"href":"https:\/\/www.aclu-ia.org\/es\/wp-json\/wp\/v2\/types\/page"}],"author":[{"embeddable":true,"href":"https:\/\/www.aclu-ia.org\/es\/wp-json\/wp\/v2\/users\/6"}],"replies":[{"embeddable":true,"href":"https:\/\/www.aclu-ia.org\/es\/wp-json\/wp\/v2\/comments?post=2023"}],"version-history":[{"count":0,"href":"https:\/\/www.aclu-ia.org\/es\/wp-json\/wp\/v2\/pages\/2023\/revisions"}],"wp:attachment":[{"href":"https:\/\/www.aclu-ia.org\/es\/wp-json\/wp\/v2\/media?parent=2023"}],"curies":[{"name":"wp","href":"https:\/\/api.w.org\/{rel}","templated":true}]}}